{"id":9935,"date":"2025-01-15T16:38:48","date_gmt":"2025-01-15T15:38:48","guid":{"rendered":"https:\/\/www.hertel-kartonagen.de\/?post_type=wiki&#038;p=9935"},"modified":"2025-06-02T15:21:49","modified_gmt":"2025-06-02T13:21:49","slug":"information-zur-verarbeitung-personenbezogener-daten","status":"publish","type":"wiki","link":"https:\/\/www.hertel-kartonagen.de\/en\/wiki\/information-zur-verarbeitung-personenbezogener-daten\/","title":{"rendered":"Information on the processing of personal data"},"content":{"rendered":"<div data-elementor-type=\"wp-post\" data-elementor-id=\"9935\" class=\"elementor elementor-9935\" data-elementor-post-type=\"wiki\">\n\t\t\t\t<div class=\"elementor-element elementor-element-f0dca6a e-flex e-con-boxed e-con e-parent\" data-id=\"f0dca6a\" data-element_type=\"container\">\n\t\t\t\t\t<div class=\"e-con-inner\">\n\t\t\t\t<div class=\"elementor-element elementor-element-307720a elementor-widget elementor-widget-text-editor\" data-id=\"307720a\" data-element_type=\"widget\" data-widget_type=\"text-editor.default\">\n\t\t\t\t\t\t\t\t\t<p>The company Hertel &amp; Co. GmbH undertakes to protect the privacy of its business partners when processing personal data in accordance with the provisions of the EU General Data Protection Regulation (GDPR).<br \/>Business partner means any natural person with whom Hertel &amp; Co. GmbH has a business relationship with, in particular representatives and employees of customers, suppliers, service providers and competitors. The purpose of this letter is to inform future and current business partners in Europe about the processing of personal data by Hertel &amp; Co. GmbH's processing of personal data.<\/p>\t\t\t\t\t\t\t\t<\/div>\n\t\t\t\t<div class=\"elementor-element elementor-element-629cb2c elementor-widget elementor-widget-heading\" data-id=\"629cb2c\" data-element_type=\"widget\" data-widget_type=\"heading.default\">\n\t\t\t\t\t<h5 class=\"elementor-heading-title elementor-size-default\">1. responsibilities and contact details<\/h5>\t\t\t\t<\/div>\n\t\t\t\t<div class=\"elementor-element elementor-element-d42ba31 elementor-widget elementor-widget-text-editor\" data-id=\"d42ba31\" data-element_type=\"widget\" data-widget_type=\"text-editor.default\">\n\t\t\t\t\t\t\t\t\t<p>The person responsible for your personal data is <br \/>Hertel &amp; Co. GmbH, Carl-Kolb-Str. 10, 95448 Bayreuth <br \/>Phone: +49 921 78440, e-mail: kontakt@hertel-kartonagen.de<\/p>\t\t\t\t\t\t\t\t<\/div>\n\t\t\t\t<div class=\"elementor-element elementor-element-0b57dc0 elementor-widget elementor-widget-heading\" data-id=\"0b57dc0\" data-element_type=\"widget\" data-widget_type=\"heading.default\">\n\t\t\t\t\t<h5 class=\"elementor-heading-title elementor-size-default\">2. use of your personal data<\/h5>\t\t\t\t<\/div>\n\t\t\t\t<div class=\"elementor-element elementor-element-b973ed2 elementor-widget elementor-widget-text-editor\" data-id=\"b973ed2\" data-element_type=\"widget\" data-widget_type=\"text-editor.default\">\n\t\t\t\t\t\t\t\t\t<p>The collection and use of your personal data takes place insofar as this is necessary to safeguard the legitimate interests of Hertel &amp; Co. GmbH (Art. 6 para. 1 lit. f GDPR), among other things<\/p>\t\t\t\t\t\t\t\t<\/div>\n\t\t\t\t<div class=\"elementor-element elementor-element-60c525d elementor-widget elementor-widget-text-editor\" data-id=\"60c525d\" data-element_type=\"widget\" data-widget_type=\"text-editor.default\">\n\t\t\t\t\t\t\t\t\t<ul><li>to enter into or perform contracts and other business relationships or payments or in connection with complaints in warranty cases or to prepare requests for quotations, to determine the terms of the contractual relationship and with regard to product development activities, in each case with our customers, suppliers, service providers and competitors for whom you may be acting as an agent or employee;<\/li><li>to transfer your personal data within the company for internal administrative purposes (e.g. for accounting);<\/li><li>to ensure IT security and IT operations;<\/li><li>on the use of service providers, in particular internal and external IT service providers, who support our business processes;<\/li><li>to ensure building security (this includes video surveillance where necessary to protect our premises).<\/li><\/ul>\t\t\t\t\t\t\t\t<\/div>\n\t\t\t\t<div class=\"elementor-element elementor-element-52b3e36 elementor-widget elementor-widget-text-editor\" data-id=\"52b3e36\" data-element_type=\"widget\" data-widget_type=\"text-editor.default\">\n\t\t\t\t\t\t\t\t\t<p>Personal data is also processed for the purpose of fulfilling contracts with individuals (natural persons) with whom we maintain business relationships, for example to process purchase contracts, deliveries or payments, or in connection with complaints in warranty cases, or to prepare and respond to requests for quotations from individuals, to determine the terms of the contractual relationship and with regard to production development activities (Art. 6 para. 1 lit. b GDPR). In addition, Hertel &amp; Co. GmbH is also subject to various legal obligations (Art. 6 para. 1 lit. c GDPR), which may require the processing of your personal data. These legal obligations may arise, for example, from tax, foreign trade or sanction regulations.<\/p>\t\t\t\t\t\t\t\t<\/div>\n\t\t\t\t<div class=\"elementor-element elementor-element-8abf6af elementor-widget elementor-widget-heading\" data-id=\"8abf6af\" data-element_type=\"widget\" data-widget_type=\"heading.default\">\n\t\t\t\t\t<h5 class=\"elementor-heading-title elementor-size-default\">3. recipient of your personal data<\/h5>\t\t\t\t<\/div>\n\t\t\t\t<div class=\"elementor-element elementor-element-bb6a7a2 elementor-widget elementor-widget-text-editor\" data-id=\"bb6a7a2\" data-element_type=\"widget\" data-widget_type=\"text-editor.default\">\n\t\t\t\t\t\t\t\t\t<ul><li>Within our company, only authorised employees with the appropriate responsibilities have access to your personal data.<\/li><li>We are authorised to commission third parties to provide certain services, such as IT services. We also use legal advisors, management consultants, auditors and the like. These third parties provide services to us under our supervision and in accordance with our instructions and may have access to personal data to the extent necessary to provide their services.<\/li><li>In addition, to the extent permitted by law, we may transfer your personal data to authorities (e.g. social security institutions, tax authorities or law enforcement agencies) and courts in Germany and abroad in order to fulfil legal obligations or in the interests of the company.<\/li><\/ul>\t\t\t\t\t\t\t\t<\/div>\n\t\t\t\t<div class=\"elementor-element elementor-element-9a60d7a elementor-widget elementor-widget-heading\" data-id=\"9a60d7a\" data-element_type=\"widget\" data-widget_type=\"heading.default\">\n\t\t\t\t\t<h5 class=\"elementor-heading-title elementor-size-default\">4. your rights<\/h5>\t\t\t\t<\/div>\n\t\t\t\t<div class=\"elementor-element elementor-element-c7f0a12 elementor-widget elementor-widget-text-editor\" data-id=\"c7f0a12\" data-element_type=\"widget\" data-widget_type=\"text-editor.default\">\n\t\t\t\t\t\t\t\t\tSubject to the legal requirements, the existence of which must be checked in each individual case, you have the right to obtain information about your personal data and to request the rectification or erasure of your personal data or restriction of processing as well as to object to any processing of your personal data as set out under point 2 and to receive your personal data in a structured, commonly used and machine-readable format (data portability).\nYou also have the right to lodge a complaint with a supervisory authority.\t\t\t\t\t\t\t\t<\/div>\n\t\t\t\t<div class=\"elementor-element elementor-element-81226c1 elementor-widget elementor-widget-heading\" data-id=\"81226c1\" data-element_type=\"widget\" data-widget_type=\"heading.default\">\n\t\t\t\t\t<h5 class=\"elementor-heading-title elementor-size-default\">5. confidentiality and storage of data<\/h5>\t\t\t\t<\/div>\n\t\t\t\t<div class=\"elementor-element elementor-element-d221f23 elementor-widget elementor-widget-text-editor\" data-id=\"d221f23\" data-element_type=\"widget\" data-widget_type=\"text-editor.default\">\n\t\t\t\t\t\t\t\t\t<p>Each of our employees and those employees of external service providers who have access to and\/or process personal data are obliged to treat this data confidentially. The storage of data depends on the type and duration of the business relationship, the contractual obligations and the statutory provisions. In general, however, if you exercise your right to have your data deleted, this will be complied with, provided that the statutory retention obligations are not affected.<\/p>\t\t\t\t\t\t\t\t<\/div>\n\t\t\t\t\t<\/div>\n\t\t\t\t<\/div>\n\t\t<div class=\"elementor-element elementor-element-0491d0b e-flex e-con-boxed e-con e-parent\" data-id=\"0491d0b\" data-element_type=\"container\">\n\t\t\t\t\t<div class=\"e-con-inner\">\n\t\t\t\t<div class=\"elementor-element elementor-element-4cad0fd elementor-widget elementor-widget-button\" data-id=\"4cad0fd\" data-element_type=\"widget\" data-widget_type=\"button.default\">\n\t\t\t\t\t\t\t\t\t\t<a class=\"elementor-button elementor-button-link elementor-size-sm\" href=\"https:\/\/www.hertel-kartonagen.de\/wp-content\/uploads\/2025\/01\/DSGVO-Verarbeitung-personenbezogener-Daten.pdf\">\n\t\t\t\t\t\t<span class=\"elementor-button-content-wrapper\">\n\t\t\t\t\t\t<span class=\"elementor-button-icon\">\n\t\t\t\t<i aria-hidden=\"true\" class=\"fas fa-download\"><\/i>\t\t\t<\/span>\n\t\t\t\t\t\t\t\t\t<span class=\"elementor-button-text\">Download data sheet<\/span>\n\t\t\t\t\t<\/span>\n\t\t\t\t\t<\/a>\n\t\t\t\t\t\t\t\t<\/div>\n\t\t\t\t\t<\/div>\n\t\t\t\t<\/div>\n\t\t\t\t<\/div>","protected":false},"featured_media":8672,"parent":0,"template":"","wiki-kategorie":[72,64],"class_list":["post-9935","wiki","type-wiki","status-publish","has-post-thumbnail","hentry","wiki-kategorie-datenblatt","wiki-kategorie-spezifikationen"],"acf":[],"yoast_head":"<!-- This site is optimized with the Yoast SEO plugin v26.5 - https:\/\/yoast.com\/wordpress\/plugins\/seo\/ -->\n<title>Information zur Verarbeitung personenbezogener Daten &#8212; Hertel Kartonagen<\/title>\n<meta name=\"robots\" content=\"index, follow, max-snippet:-1, max-image-preview:large, max-video-preview:-1\" \/>\n<link rel=\"canonical\" href=\"https:\/\/www.hertel-kartonagen.de\/en\/wiki\/information-zur-verarbeitung-personenbezogener-daten\/\" \/>\n<meta property=\"og:locale\" content=\"en_GB\" \/>\n<meta property=\"og:type\" content=\"article\" \/>\n<meta property=\"og:title\" content=\"Information zur Verarbeitung personenbezogener Daten &#8212; Hertel Kartonagen\" \/>\n<meta property=\"og:description\" content=\"Die Firma Hertel &amp; Co. GmbH verpflichtet sich, bei der Verarbeitung personenbezogener Daten die Privatsph\u00e4re ihrer Gesch\u00e4ftspartner nach den Vorgaben der EU-Datenschutz-Grundverordnung (DSGVO) zu sch\u00fctzen.Gesch\u00e4ftspartner bezeichnet jede nat\u00fcrliche Person, mit der Hertel &amp; Co. GmbH in einer Gesch\u00e4ftsbeziehung steht, insbesondere Vertreter und Mitarbeiter von Kunden, Lieferanten, Dienstleistern und Mitbewerbern. Der Zweck dieses Schreibens liegt darin, [&hellip;]\" \/>\n<meta property=\"og:url\" content=\"https:\/\/www.hertel-kartonagen.de\/en\/wiki\/information-zur-verarbeitung-personenbezogener-daten\/\" \/>\n<meta property=\"og:site_name\" content=\"Hertel Kartonagen\" \/>\n<meta property=\"article:publisher\" content=\"https:\/\/www.facebook.com\/hertel.kartonagen\/\" \/>\n<meta property=\"article:modified_time\" content=\"2025-06-02T13:21:49+00:00\" \/>\n<meta property=\"og:image\" content=\"https:\/\/www.hertel-kartonagen.de\/wp-content\/uploads\/2023\/12\/Logo-Hertel.jpg\" \/>\n\t<meta property=\"og:image:width\" content=\"1772\" \/>\n\t<meta property=\"og:image:height\" content=\"709\" \/>\n\t<meta property=\"og:image:type\" content=\"image\/jpeg\" \/>\n<meta name=\"twitter:card\" content=\"summary_large_image\" \/>\n<meta name=\"twitter:label1\" content=\"Estimated reading time\" \/>\n\t<meta name=\"twitter:data1\" content=\"3 minutes\" \/>\n<!-- \/ Yoast SEO plugin. -->","yoast_head_json":{"title":"Information zur Verarbeitung personenbezogener Daten &#8212; Hertel Kartonagen","robots":{"index":"index","follow":"follow","max-snippet":"max-snippet:-1","max-image-preview":"max-image-preview:large","max-video-preview":"max-video-preview:-1"},"canonical":"https:\/\/www.hertel-kartonagen.de\/en\/wiki\/information-zur-verarbeitung-personenbezogener-daten\/","og_locale":"en_GB","og_type":"article","og_title":"Information zur Verarbeitung personenbezogener Daten &#8212; Hertel Kartonagen","og_description":"Die Firma Hertel &amp; Co. GmbH verpflichtet sich, bei der Verarbeitung personenbezogener Daten die Privatsph\u00e4re ihrer Gesch\u00e4ftspartner nach den Vorgaben der EU-Datenschutz-Grundverordnung (DSGVO) zu sch\u00fctzen.Gesch\u00e4ftspartner bezeichnet jede nat\u00fcrliche Person, mit der Hertel &amp; Co. GmbH in einer Gesch\u00e4ftsbeziehung steht, insbesondere Vertreter und Mitarbeiter von Kunden, Lieferanten, Dienstleistern und Mitbewerbern. Der Zweck dieses Schreibens liegt darin, [&hellip;]","og_url":"https:\/\/www.hertel-kartonagen.de\/en\/wiki\/information-zur-verarbeitung-personenbezogener-daten\/","og_site_name":"Hertel Kartonagen","article_publisher":"https:\/\/www.facebook.com\/hertel.kartonagen\/","article_modified_time":"2025-06-02T13:21:49+00:00","og_image":[{"width":1772,"height":709,"url":"https:\/\/www.hertel-kartonagen.de\/wp-content\/uploads\/2023\/12\/Logo-Hertel.jpg","type":"image\/jpeg"}],"twitter_card":"summary_large_image","twitter_misc":{"Estimated reading time":"3 minutes"},"schema":{"@context":"https:\/\/schema.org","@graph":[{"@type":"WebPage","@id":"https:\/\/www.hertel-kartonagen.de\/wiki\/information-zur-verarbeitung-personenbezogener-daten\/","url":"https:\/\/www.hertel-kartonagen.de\/wiki\/information-zur-verarbeitung-personenbezogener-daten\/","name":"Information zur Verarbeitung personenbezogener Daten &#8212; Hertel Kartonagen","isPartOf":{"@id":"https:\/\/www.hertel-kartonagen.de\/#website"},"primaryImageOfPage":{"@id":"https:\/\/www.hertel-kartonagen.de\/wiki\/information-zur-verarbeitung-personenbezogener-daten\/#primaryimage"},"image":{"@id":"https:\/\/www.hertel-kartonagen.de\/wiki\/information-zur-verarbeitung-personenbezogener-daten\/#primaryimage"},"thumbnailUrl":"https:\/\/www.hertel-kartonagen.de\/wp-content\/uploads\/2024\/05\/ICON-Folienkaschierung-matt-kratzfest.svg","datePublished":"2025-01-15T15:38:48+00:00","dateModified":"2025-06-02T13:21:49+00:00","breadcrumb":{"@id":"https:\/\/www.hertel-kartonagen.de\/wiki\/information-zur-verarbeitung-personenbezogener-daten\/#breadcrumb"},"inLanguage":"en-GB","potentialAction":[{"@type":"ReadAction","target":["https:\/\/www.hertel-kartonagen.de\/wiki\/information-zur-verarbeitung-personenbezogener-daten\/"]}]},{"@type":"ImageObject","inLanguage":"en-GB","@id":"https:\/\/www.hertel-kartonagen.de\/wiki\/information-zur-verarbeitung-personenbezogener-daten\/#primaryimage","url":"https:\/\/www.hertel-kartonagen.de\/wp-content\/uploads\/2024\/05\/ICON-Folienkaschierung-matt-kratzfest.svg","contentUrl":"https:\/\/www.hertel-kartonagen.de\/wp-content\/uploads\/2024\/05\/ICON-Folienkaschierung-matt-kratzfest.svg","width":100,"height":100},{"@type":"BreadcrumbList","@id":"https:\/\/www.hertel-kartonagen.de\/wiki\/information-zur-verarbeitung-personenbezogener-daten\/#breadcrumb","itemListElement":[{"@type":"ListItem","position":1,"name":"Startseite","item":"https:\/\/www.hertel-kartonagen.de\/"},{"@type":"ListItem","position":2,"name":"Information zur Verarbeitung personenbezogener Daten"}]},{"@type":"WebSite","@id":"https:\/\/www.hertel-kartonagen.de\/#website","url":"https:\/\/www.hertel-kartonagen.de\/","name":"Hertel cardboard packaging","description":"More than packaging","publisher":{"@id":"https:\/\/www.hertel-kartonagen.de\/#organization"},"alternateName":"Hertel & Co. GmbH","potentialAction":[{"@type":"SearchAction","target":{"@type":"EntryPoint","urlTemplate":"https:\/\/www.hertel-kartonagen.de\/?s={search_term_string}"},"query-input":{"@type":"PropertyValueSpecification","valueRequired":true,"valueName":"search_term_string"}}],"inLanguage":"en-GB"},{"@type":"Organization","@id":"https:\/\/www.hertel-kartonagen.de\/#organization","name":"Hertel cardboard packaging","alternateName":"Hertel & Co. GmbH","url":"https:\/\/www.hertel-kartonagen.de\/","logo":{"@type":"ImageObject","inLanguage":"en-GB","@id":"https:\/\/www.hertel-kartonagen.de\/#\/schema\/logo\/image\/","url":"https:\/\/www.hertel-kartonagen.de\/wp-content\/uploads\/2023\/12\/Logo-Hertel.jpg","contentUrl":"https:\/\/www.hertel-kartonagen.de\/wp-content\/uploads\/2023\/12\/Logo-Hertel.jpg","width":1772,"height":709,"caption":"Hertel Kartonagen"},"image":{"@id":"https:\/\/www.hertel-kartonagen.de\/#\/schema\/logo\/image\/"},"sameAs":["https:\/\/www.facebook.com\/hertel.kartonagen\/"]}]}},"_links":{"self":[{"href":"https:\/\/www.hertel-kartonagen.de\/en\/wp-json\/wp\/v2\/wiki\/9935","targetHints":{"allow":["GET"]}}],"collection":[{"href":"https:\/\/www.hertel-kartonagen.de\/en\/wp-json\/wp\/v2\/wiki"}],"about":[{"href":"https:\/\/www.hertel-kartonagen.de\/en\/wp-json\/wp\/v2\/types\/wiki"}],"version-history":[{"count":43,"href":"https:\/\/www.hertel-kartonagen.de\/en\/wp-json\/wp\/v2\/wiki\/9935\/revisions"}],"predecessor-version":[{"id":9979,"href":"https:\/\/www.hertel-kartonagen.de\/en\/wp-json\/wp\/v2\/wiki\/9935\/revisions\/9979"}],"wp:featuredmedia":[{"embeddable":true,"href":"https:\/\/www.hertel-kartonagen.de\/en\/wp-json\/wp\/v2\/media\/8672"}],"wp:attachment":[{"href":"https:\/\/www.hertel-kartonagen.de\/en\/wp-json\/wp\/v2\/media?parent=9935"}],"wp:term":[{"taxonomy":"wiki-kategorie","embeddable":true,"href":"https:\/\/www.hertel-kartonagen.de\/en\/wp-json\/wp\/v2\/wiki-kategorie?post=9935"}],"curies":[{"name":"wp","href":"https:\/\/api.w.org\/{rel}","templated":true}]}}