{"id":10584,"date":"2025-02-10T10:47:19","date_gmt":"2025-02-10T09:47:19","guid":{"rendered":"https:\/\/www.hertel-kartonagen.de\/?post_type=wiki&#038;p=10584"},"modified":"2025-05-13T16:34:00","modified_gmt":"2025-05-13T14:34:00","slug":"umwelt-klimapakt-bayern","status":"publish","type":"wiki","link":"https:\/\/www.hertel-kartonagen.de\/en\/wiki\/umwelt-klimapakt-bayern\/","title":{"rendered":"Environment + Climate Pact Bavaria"},"content":{"rendered":"<div data-elementor-type=\"wp-post\" data-elementor-id=\"10584\" class=\"elementor elementor-10584\" data-elementor-post-type=\"wiki\">\n\t\t\t\t<div class=\"elementor-element elementor-element-1ebb8c6 e-flex e-con-boxed e-con e-parent\" data-id=\"1ebb8c6\" data-element_type=\"container\">\n\t\t\t\t\t<div class=\"e-con-inner\">\n\t\t\t\t<div class=\"elementor-element elementor-element-8fe3bb4 elementor-widget elementor-widget-heading\" data-id=\"8fe3bb4\" data-element_type=\"widget\" data-widget_type=\"heading.default\">\n\t\t\t\t\t<h5 class=\"elementor-heading-title elementor-size-default\">Cardboard packaging and climate protection<\/h5>\t\t\t\t<\/div>\n\t\t\t\t<div class=\"elementor-element elementor-element-b38d8b7 elementor-widget elementor-widget-text-editor\" data-id=\"b38d8b7\" data-element_type=\"widget\" data-widget_type=\"text-editor.default\">\n\t\t\t\t\t\t\t\t\t<p>As a manufacturer of cardboard packaging, we know how important it is to reduce packaging waste. That's why we focus on environmentally friendly solutions and design our products to be as resource-efficient as possible. For us, sustainability is more than just a trend - it is our contribution to a better future.<\/p>\t\t\t\t\t\t\t\t<\/div>\n\t\t\t\t<div class=\"elementor-element elementor-element-71979c8 elementor-icon-list--layout-traditional elementor-list-item-link-full_width elementor-widget elementor-widget-icon-list\" data-id=\"71979c8\" data-element_type=\"widget\" data-widget_type=\"icon-list.default\">\n\t\t\t\t\t\t\t<ul class=\"elementor-icon-list-items\">\n\t\t\t\t\t\t\t<li class=\"elementor-icon-list-item\">\n\t\t\t\t\t\t\t\t\t\t\t<span class=\"elementor-icon-list-icon\">\n\t\t\t\t\t\t\t<i aria-hidden=\"true\" class=\"fas fa-check\"><\/i>\t\t\t\t\t\t<\/span>\n\t\t\t\t\t\t\t\t\t\t<span class=\"elementor-icon-list-text\">Reusable, high-quality packaging for greater sustainability<\/span>\n\t\t\t\t\t\t\t\t\t<\/li>\n\t\t\t\t\t\t\t\t<li class=\"elementor-icon-list-item\">\n\t\t\t\t\t\t\t\t\t\t\t<span class=\"elementor-icon-list-icon\">\n\t\t\t\t\t\t\t<i aria-hidden=\"true\" class=\"fas fa-check\"><\/i>\t\t\t\t\t\t<\/span>\n\t\t\t\t\t\t\t\t\t\t<span class=\"elementor-icon-list-text\">Minimised material consumption thanks to intelligent designs<\/span>\n\t\t\t\t\t\t\t\t\t<\/li>\n\t\t\t\t\t\t\t\t<li class=\"elementor-icon-list-item\">\n\t\t\t\t\t\t\t\t\t\t\t<span class=\"elementor-icon-list-icon\">\n\t\t\t\t\t\t\t<i aria-hidden=\"true\" class=\"fas fa-check\"><\/i>\t\t\t\t\t\t<\/span>\n\t\t\t\t\t\t\t\t\t\t<span class=\"elementor-icon-list-text\">CO\u2082-neutral production to reduce our ecological footprint<\/span>\n\t\t\t\t\t\t\t\t\t<\/li>\n\t\t\t\t\t\t<\/ul>\n\t\t\t\t\t\t<\/div>\n\t\t\t\t<div class=\"elementor-element elementor-element-7b6b734 elementor-widget-divider--view-line elementor-widget elementor-widget-divider\" data-id=\"7b6b734\" data-element_type=\"widget\" data-widget_type=\"divider.default\">\n\t\t\t\t\t\t\t<div class=\"elementor-divider\">\n\t\t\t<span class=\"elementor-divider-separator\">\n\t\t\t\t\t\t<\/span>\n\t\t<\/div>\n\t\t\t\t\t\t<\/div>\n\t\t\t\t\t<\/div>\n\t\t\t\t<\/div>\n\t\t<div class=\"elementor-element elementor-element-91c3d51 e-flex e-con-boxed e-con e-parent\" data-id=\"91c3d51\" data-element_type=\"container\">\n\t\t\t\t\t<div class=\"e-con-inner\">\n\t\t<div class=\"elementor-element elementor-element-05f9fad e-con-full e-flex e-con e-child\" data-id=\"05f9fad\" data-element_type=\"container\">\n\t\t\t\t<div class=\"elementor-element elementor-element-f863af9 elementor-widget elementor-widget-image\" data-id=\"f863af9\" data-element_type=\"widget\" data-widget_type=\"image.default\">\n\t\t\t\t\t\t\t\t\t\t\t\t\t\t\t<img decoding=\"async\" width=\"162\" height=\"175\" src=\"https:\/\/www.hertel-kartonagen.de\/wp-content\/uploads\/2025\/01\/ukp_logo.png\" class=\"attachment-large size-large wp-image-10066\" alt=\"\" srcset=\"https:\/\/www.hertel-kartonagen.de\/wp-content\/uploads\/2025\/01\/ukp_logo.png 162w, https:\/\/www.hertel-kartonagen.de\/wp-content\/uploads\/2025\/01\/ukp_logo-11x12.png 11w\" sizes=\"(max-width: 162px) 100vw, 162px\" \/>\t\t\t\t\t\t\t\t\t\t\t\t\t\t\t<\/div>\n\t\t\t\t<\/div>\n\t\t<div class=\"elementor-element elementor-element-e810fd7 e-con-full e-flex e-con e-child\" data-id=\"e810fd7\" data-element_type=\"container\">\n\t\t\t\t<div class=\"elementor-element elementor-element-721c822f elementor-widget elementor-widget-text-editor\" data-id=\"721c822f\" data-element_type=\"widget\" data-widget_type=\"text-editor.default\">\n\t\t\t\t\t\t\t\t\t<p>The Bavarian Environmental Pact was first agreed in 1995 with the idea of motivating companies, entrepreneurs and state institutions to implement corporate environmental protection beyond the legal requirements.<\/p><p>With the current Environmental and Climate Pact, the Bavarian State Government and its partners, the Bavarian Business Association (vbw), the Bavarian Chamber of Industry and Commerce (BIHK) and the Bavarian Association of Skilled Crafts (BHT) are working to develop solutions for dealing with outstanding environmental and sustainability issues in order to promote environmental and climate protection in companies and businesses.<\/p>\t\t\t\t\t\t\t\t<\/div>\n\t\t\t\t<div class=\"elementor-element elementor-element-feecdf7 elementor-widget elementor-widget-button\" data-id=\"feecdf7\" data-element_type=\"widget\" data-widget_type=\"button.default\">\n\t\t\t\t\t\t\t\t\t\t<a class=\"elementor-button elementor-button-link elementor-size-sm\" href=\"https:\/\/www.hertel-kartonagen.de\/wp-admin\/post.php?post=3318&#038;action=elementor\">\n\t\t\t\t\t\t<span class=\"elementor-button-content-wrapper\">\n\t\t\t\t\t\t\t\t\t<span class=\"elementor-button-text\">Download certificate<\/span>\n\t\t\t\t\t<\/span>\n\t\t\t\t\t<\/a>\n\t\t\t\t\t\t\t\t<\/div>\n\t\t\t\t<\/div>\n\t\t\t\t\t<\/div>\n\t\t\t\t<\/div>\n\t\t<div class=\"elementor-element elementor-element-6d38546 e-flex e-con-boxed e-con e-parent\" data-id=\"6d38546\" data-element_type=\"container\">\n\t\t\t\t\t<div class=\"e-con-inner\">\n\t\t\t\t<div class=\"elementor-element elementor-element-65051de elementor-widget-divider--view-line elementor-widget elementor-widget-divider\" data-id=\"65051de\" data-element_type=\"widget\" data-widget_type=\"divider.default\">\n\t\t\t\t\t\t\t<div class=\"elementor-divider\">\n\t\t\t<span class=\"elementor-divider-separator\">\n\t\t\t\t\t\t<\/span>\n\t\t<\/div>\n\t\t\t\t\t\t<\/div>\n\t\t\t\t<div class=\"elementor-element elementor-element-a4728e2 elementor-widget elementor-widget-heading\" data-id=\"a4728e2\" data-element_type=\"widget\" data-widget_type=\"heading.default\">\n\t\t\t\t\t<h5 class=\"elementor-heading-title elementor-size-default\">Environmental and climate pact - what are the benefits?<\/h5>\t\t\t\t<\/div>\n\t\t\t\t<div class=\"elementor-element elementor-element-32ccdf6 elementor-icon-list--layout-traditional elementor-list-item-link-full_width elementor-widget elementor-widget-icon-list\" data-id=\"32ccdf6\" data-element_type=\"widget\" data-widget_type=\"icon-list.default\">\n\t\t\t\t\t\t\t<ul class=\"elementor-icon-list-items\">\n\t\t\t\t\t\t\t<li class=\"elementor-icon-list-item\">\n\t\t\t\t\t\t\t\t\t\t\t<span class=\"elementor-icon-list-icon\">\n\t\t\t\t\t\t\t<i aria-hidden=\"true\" class=\"fas fa-check\"><\/i>\t\t\t\t\t\t<\/span>\n\t\t\t\t\t\t\t\t\t\t<span class=\"elementor-icon-list-text\">Reduction of environmental pollution <\/span>\n\t\t\t\t\t\t\t\t\t<\/li>\n\t\t\t\t\t\t\t\t<li class=\"elementor-icon-list-item\">\n\t\t\t\t\t\t\t\t\t\t\t<span class=\"elementor-icon-list-icon\">\n\t\t\t\t\t\t\t<i aria-hidden=\"true\" class=\"fas fa-check\"><\/i>\t\t\t\t\t\t<\/span>\n\t\t\t\t\t\t\t\t\t\t<span class=\"elementor-icon-list-text\">Climate protection<\/span>\n\t\t\t\t\t\t\t\t\t<\/li>\n\t\t\t\t\t\t\t\t<li class=\"elementor-icon-list-item\">\n\t\t\t\t\t\t\t\t\t\t\t<span class=\"elementor-icon-list-icon\">\n\t\t\t\t\t\t\t<i aria-hidden=\"true\" class=\"fas fa-check\"><\/i>\t\t\t\t\t\t<\/span>\n\t\t\t\t\t\t\t\t\t\t<span class=\"elementor-icon-list-text\">Conservation of resources<\/span>\n\t\t\t\t\t\t\t\t\t<\/li>\n\t\t\t\t\t\t\t\t<li class=\"elementor-icon-list-item\">\n\t\t\t\t\t\t\t\t\t\t\t<span class=\"elementor-icon-list-icon\">\n\t\t\t\t\t\t\t<i aria-hidden=\"true\" class=\"fas fa-check\"><\/i>\t\t\t\t\t\t<\/span>\n\t\t\t\t\t\t\t\t\t\t<span class=\"elementor-icon-list-text\">Avoidance of waste, waste water<\/span>\n\t\t\t\t\t\t\t\t\t<\/li>\n\t\t\t\t\t\t\t\t<li class=\"elementor-icon-list-item\">\n\t\t\t\t\t\t\t\t\t\t\t<span class=\"elementor-icon-list-icon\">\n\t\t\t\t\t\t\t<i aria-hidden=\"true\" class=\"fas fa-check\"><\/i>\t\t\t\t\t\t<\/span>\n\t\t\t\t\t\t\t\t\t\t<span class=\"elementor-icon-list-text\">Raising awareness in favour of environmental and climate protection goals<\/span>\n\t\t\t\t\t\t\t\t\t<\/li>\n\t\t\t\t\t\t\t\t<li class=\"elementor-icon-list-item\">\n\t\t\t\t\t\t\t\t\t\t\t<span class=\"elementor-icon-list-icon\">\n\t\t\t\t\t\t\t<i aria-hidden=\"true\" class=\"fas fa-check\"><\/i>\t\t\t\t\t\t<\/span>\n\t\t\t\t\t\t\t\t\t\t<span class=\"elementor-icon-list-text\">Behavioural changes also in the living environment of the people involved<\/span>\n\t\t\t\t\t\t\t\t\t<\/li>\n\t\t\t\t\t\t\t\t<li class=\"elementor-icon-list-item\">\n\t\t\t\t\t\t\t\t\t\t\t<span class=\"elementor-icon-list-icon\">\n\t\t\t\t\t\t\t<i aria-hidden=\"true\" class=\"fas fa-check\"><\/i>\t\t\t\t\t\t<\/span>\n\t\t\t\t\t\t\t\t\t\t<span class=\"elementor-icon-list-text\">Long-term, reliable environmental partnership and dialogue between government and industry<\/span>\n\t\t\t\t\t\t\t\t\t<\/li>\n\t\t\t\t\t\t<\/ul>\n\t\t\t\t\t\t<\/div>\n\t\t\t\t<div class=\"elementor-element elementor-element-9326962 elementor-widget elementor-widget-button\" data-id=\"9326962\" data-element_type=\"widget\" data-widget_type=\"button.default\">\n\t\t\t\t\t\t\t\t\t\t<a class=\"elementor-button elementor-button-link elementor-size-sm\" href=\"https:\/\/www.umweltpakt.bayern.de\/umwelt_klimapakt\/\">\n\t\t\t\t\t\t<span class=\"elementor-button-content-wrapper\">\n\t\t\t\t\t\t\t\t\t<span class=\"elementor-button-text\">Original article on umweltpakt.bayern.de<\/span>\n\t\t\t\t\t<\/span>\n\t\t\t\t\t<\/a>\n\t\t\t\t\t\t\t\t<\/div>\n\t\t\t\t<div class=\"elementor-element elementor-element-c470d56 elementor-widget-divider--view-line elementor-widget elementor-widget-divider\" data-id=\"c470d56\" data-element_type=\"widget\" data-widget_type=\"divider.default\">\n\t\t\t\t\t\t\t<div class=\"elementor-divider\">\n\t\t\t<span class=\"elementor-divider-separator\">\n\t\t\t\t\t\t<\/span>\n\t\t<\/div>\n\t\t\t\t\t\t<\/div>\n\t\t\t\t\t<\/div>\n\t\t\t\t<\/div>\n\t\t<div class=\"elementor-element elementor-element-52322f6 e-flex e-con-boxed e-con e-parent\" data-id=\"52322f6\" data-element_type=\"container\">\n\t\t\t\t\t<div class=\"e-con-inner\">\n\t\t\t\t<div class=\"elementor-element elementor-element-a906b2b elementor-widget elementor-widget-text-editor\" data-id=\"a906b2b\" data-element_type=\"widget\" data-widget_type=\"text-editor.default\">\n\t\t\t\t\t\t\t\t\tPartner of the Bavarian Environmental and Climate Pact\t\t\t\t\t\t\t\t<\/div>\n\t\t\t\t\t<\/div>\n\t\t\t\t<\/div>\n\t\t<div class=\"elementor-element elementor-element-2e6b75f e-flex e-con-boxed e-con e-parent\" data-id=\"2e6b75f\" data-element_type=\"container\">\n\t\t\t\t\t<div class=\"e-con-inner\">\n\t\t<div class=\"elementor-element elementor-element-6429d4d e-con-full e-flex e-con e-child\" data-id=\"6429d4d\" data-element_type=\"container\">\n\t\t\t\t<div class=\"elementor-element elementor-element-9712ded elementor-widget elementor-widget-image\" data-id=\"9712ded\" data-element_type=\"widget\" data-widget_type=\"image.default\">\n\t\t\t\t\t\t\t\t\t\t\t\t\t\t\t\t<a href=\"https:\/\/www.bayern.de\/\">\n\t\t\t\t\t\t\t<img decoding=\"async\" width=\"800\" height=\"176\" src=\"https:\/\/www.hertel-kartonagen.de\/wp-content\/uploads\/2025\/02\/logo2.png\" class=\"attachment-large size-large wp-image-10608\" alt=\"\" srcset=\"https:\/\/www.hertel-kartonagen.de\/wp-content\/uploads\/2025\/02\/logo2.png 800w, https:\/\/www.hertel-kartonagen.de\/wp-content\/uploads\/2025\/02\/logo2-300x66.png 300w, https:\/\/www.hertel-kartonagen.de\/wp-content\/uploads\/2025\/02\/logo2-768x169.png 768w, https:\/\/www.hertel-kartonagen.de\/wp-content\/uploads\/2025\/02\/logo2-18x4.png 18w\" sizes=\"(max-width: 800px) 100vw, 800px\" \/>\t\t\t\t\t\t\t\t<\/a>\n\t\t\t\t\t\t\t\t\t\t\t\t\t\t\t<\/div>\n\t\t\t\t<\/div>\n\t\t<div class=\"elementor-element elementor-element-2f0938a e-con-full e-flex e-con e-child\" data-id=\"2f0938a\" data-element_type=\"container\">\n\t\t\t\t<div class=\"elementor-element elementor-element-11c7c79 elementor-widget elementor-widget-image\" data-id=\"11c7c79\" data-element_type=\"widget\" data-widget_type=\"image.default\">\n\t\t\t\t\t\t\t\t\t\t\t\t\t\t\t\t<a href=\"https:\/\/www.vbw-bayern.de\/vbw\/index.jsp\">\n\t\t\t\t\t\t\t<img decoding=\"async\" width=\"356\" height=\"141\" src=\"https:\/\/www.hertel-kartonagen.de\/wp-content\/uploads\/2025\/02\/images.png\" class=\"attachment-large size-large wp-image-10609\" alt=\"Logo Bayerischer Wirtschaftstag\" srcset=\"https:\/\/www.hertel-kartonagen.de\/wp-content\/uploads\/2025\/02\/images.png 356w, https:\/\/www.hertel-kartonagen.de\/wp-content\/uploads\/2025\/02\/images-300x119.png 300w, https:\/\/www.hertel-kartonagen.de\/wp-content\/uploads\/2025\/02\/images-18x7.png 18w\" sizes=\"(max-width: 356px) 100vw, 356px\" \/>\t\t\t\t\t\t\t\t<\/a>\n\t\t\t\t\t\t\t\t\t\t\t\t\t\t\t<\/div>\n\t\t\t\t<\/div>\n\t\t<div class=\"elementor-element elementor-element-3a39194 e-con-full e-flex e-con e-child\" data-id=\"3a39194\" data-element_type=\"container\">\n\t\t\t\t<div class=\"elementor-element elementor-element-7232b91 elementor-widget elementor-widget-image\" data-id=\"7232b91\" data-element_type=\"widget\" data-widget_type=\"image.default\">\n\t\t\t\t\t\t\t\t\t\t\t\t\t\t\t\t<a href=\"https:\/\/www.bihk.de\/ueber-den-bihk.html\">\n\t\t\t\t\t\t\t<img decoding=\"async\" width=\"400\" height=\"136\" src=\"https:\/\/www.hertel-kartonagen.de\/wp-content\/uploads\/2025\/02\/csm_logobihk.png\" class=\"attachment-large size-large wp-image-10610\" alt=\"Logo IHK Bayern\" srcset=\"https:\/\/www.hertel-kartonagen.de\/wp-content\/uploads\/2025\/02\/csm_logobihk.png 400w, https:\/\/www.hertel-kartonagen.de\/wp-content\/uploads\/2025\/02\/csm_logobihk-300x102.png 300w, https:\/\/www.hertel-kartonagen.de\/wp-content\/uploads\/2025\/02\/csm_logobihk-18x6.png 18w\" sizes=\"(max-width: 400px) 100vw, 400px\" \/>\t\t\t\t\t\t\t\t<\/a>\n\t\t\t\t\t\t\t\t\t\t\t\t\t\t\t<\/div>\n\t\t\t\t<\/div>\n\t\t<div class=\"elementor-element elementor-element-bcf54ba e-con-full e-flex e-con e-child\" data-id=\"bcf54ba\" data-element_type=\"container\">\n\t\t\t\t<div class=\"elementor-element elementor-element-08fcbd6 elementor-widget elementor-widget-image\" data-id=\"08fcbd6\" data-element_type=\"widget\" data-widget_type=\"image.default\">\n\t\t\t\t\t\t\t\t\t\t\t\t\t\t\t\t<a href=\"https:\/\/www.dasbayerischehandwerk.de\/\">\n\t\t\t\t\t\t\t<img decoding=\"async\" width=\"428\" height=\"118\" src=\"https:\/\/www.hertel-kartonagen.de\/wp-content\/uploads\/2025\/02\/images-1.png\" class=\"attachment-large size-large wp-image-10611\" alt=\"Logo Bayerischer Handwerkstag\" srcset=\"https:\/\/www.hertel-kartonagen.de\/wp-content\/uploads\/2025\/02\/images-1.png 428w, https:\/\/www.hertel-kartonagen.de\/wp-content\/uploads\/2025\/02\/images-1-300x83.png 300w, https:\/\/www.hertel-kartonagen.de\/wp-content\/uploads\/2025\/02\/images-1-18x5.png 18w\" sizes=\"(max-width: 428px) 100vw, 428px\" \/>\t\t\t\t\t\t\t\t<\/a>\n\t\t\t\t\t\t\t\t\t\t\t\t\t\t\t<\/div>\n\t\t\t\t<\/div>\n\t\t\t\t\t<\/div>\n\t\t\t\t<\/div>\n\t\t<div class=\"elementor-element elementor-element-7839fa8 e-flex e-con-boxed e-con e-parent\" data-id=\"7839fa8\" data-element_type=\"container\">\n\t\t\t\t\t<div class=\"e-con-inner\">\n\t\t\t\t<div class=\"elementor-element elementor-element-96f57e2 elementor-widget-divider--view-line elementor-widget elementor-widget-divider\" data-id=\"96f57e2\" data-element_type=\"widget\" data-widget_type=\"divider.default\">\n\t\t\t\t\t\t\t<div class=\"elementor-divider\">\n\t\t\t<span class=\"elementor-divider-separator\">\n\t\t\t\t\t\t<\/span>\n\t\t<\/div>\n\t\t\t\t\t\t<\/div>\n\t\t\t\t\t<\/div>\n\t\t\t\t<\/div>\n\t\t\t\t<\/div>","protected":false},"featured_media":10066,"parent":0,"template":"","wiki-kategorie":[64],"class_list":["post-10584","wiki","type-wiki","status-publish","has-post-thumbnail","hentry","wiki-kategorie-spezifikationen"],"acf":[],"yoast_head":"<!-- This site is optimized with the Yoast SEO plugin v26.5 - https:\/\/yoast.com\/wordpress\/plugins\/seo\/ -->\n<title>Umwelt + Klimapakt Bayern &#8212; Hertel Kartonagen<\/title>\n<meta name=\"robots\" content=\"index, follow, max-snippet:-1, max-image-preview:large, max-video-preview:-1\" \/>\n<link rel=\"canonical\" href=\"https:\/\/www.hertel-kartonagen.de\/en\/wiki\/umwelt-klimapakt-bayern\/\" \/>\n<meta property=\"og:locale\" content=\"en_GB\" \/>\n<meta property=\"og:type\" content=\"article\" \/>\n<meta property=\"og:title\" content=\"Umwelt + Klimapakt Bayern &#8212; Hertel Kartonagen\" \/>\n<meta property=\"og:description\" content=\"Kartonagen und Klimaschutz Als Hersteller von Kartonagen, wissen wir, wie wichtig es ist, Verpackungsm\u00fcll zu reduzieren. Deshalb setzen wir auf umweltfreundliche L\u00f6sungen und gestalten unsere Produkte so ressourcenschonend wie m\u00f6glich. Nachhaltigkeit ist f\u00fcr uns mehr als ein Trend \u2013 sie ist unser Beitrag f\u00fcr eine bessere Zukunft. Wiederverwendbare, hochwertige Verpackungen f\u00fcr mehr Nachhaltigkeit Minimaler Materialverbrauch [&hellip;]\" \/>\n<meta property=\"og:url\" content=\"https:\/\/www.hertel-kartonagen.de\/en\/wiki\/umwelt-klimapakt-bayern\/\" \/>\n<meta property=\"og:site_name\" content=\"Hertel Kartonagen\" \/>\n<meta property=\"article:publisher\" content=\"https:\/\/www.facebook.com\/hertel.kartonagen\/\" \/>\n<meta property=\"article:modified_time\" content=\"2025-05-13T14:34:00+00:00\" \/>\n<meta property=\"og:image\" content=\"https:\/\/www.hertel-kartonagen.de\/wp-content\/uploads\/2025\/01\/ukp_logo.png\" \/>\n\t<meta property=\"og:image:width\" content=\"162\" \/>\n\t<meta property=\"og:image:height\" content=\"175\" \/>\n\t<meta property=\"og:image:type\" content=\"image\/png\" \/>\n<meta name=\"twitter:card\" content=\"summary_large_image\" \/>\n<meta name=\"twitter:label1\" content=\"Estimated reading time\" \/>\n\t<meta name=\"twitter:data1\" content=\"2 minutes\" \/>\n<!-- \/ Yoast SEO plugin. -->","yoast_head_json":{"title":"Umwelt + Klimapakt Bayern &#8212; Hertel Kartonagen","robots":{"index":"index","follow":"follow","max-snippet":"max-snippet:-1","max-image-preview":"max-image-preview:large","max-video-preview":"max-video-preview:-1"},"canonical":"https:\/\/www.hertel-kartonagen.de\/en\/wiki\/umwelt-klimapakt-bayern\/","og_locale":"en_GB","og_type":"article","og_title":"Umwelt + Klimapakt Bayern &#8212; Hertel Kartonagen","og_description":"Kartonagen und Klimaschutz Als Hersteller von Kartonagen, wissen wir, wie wichtig es ist, Verpackungsm\u00fcll zu reduzieren. Deshalb setzen wir auf umweltfreundliche L\u00f6sungen und gestalten unsere Produkte so ressourcenschonend wie m\u00f6glich. Nachhaltigkeit ist f\u00fcr uns mehr als ein Trend \u2013 sie ist unser Beitrag f\u00fcr eine bessere Zukunft. Wiederverwendbare, hochwertige Verpackungen f\u00fcr mehr Nachhaltigkeit Minimaler Materialverbrauch [&hellip;]","og_url":"https:\/\/www.hertel-kartonagen.de\/en\/wiki\/umwelt-klimapakt-bayern\/","og_site_name":"Hertel Kartonagen","article_publisher":"https:\/\/www.facebook.com\/hertel.kartonagen\/","article_modified_time":"2025-05-13T14:34:00+00:00","og_image":[{"width":162,"height":175,"url":"https:\/\/www.hertel-kartonagen.de\/wp-content\/uploads\/2025\/01\/ukp_logo.png","type":"image\/png"}],"twitter_card":"summary_large_image","twitter_misc":{"Estimated reading time":"2 minutes"},"schema":{"@context":"https:\/\/schema.org","@graph":[{"@type":"WebPage","@id":"https:\/\/www.hertel-kartonagen.de\/wiki\/umwelt-klimapakt-bayern\/","url":"https:\/\/www.hertel-kartonagen.de\/wiki\/umwelt-klimapakt-bayern\/","name":"Umwelt + Klimapakt Bayern &#8212; Hertel Kartonagen","isPartOf":{"@id":"https:\/\/www.hertel-kartonagen.de\/#website"},"primaryImageOfPage":{"@id":"https:\/\/www.hertel-kartonagen.de\/wiki\/umwelt-klimapakt-bayern\/#primaryimage"},"image":{"@id":"https:\/\/www.hertel-kartonagen.de\/wiki\/umwelt-klimapakt-bayern\/#primaryimage"},"thumbnailUrl":"https:\/\/www.hertel-kartonagen.de\/wp-content\/uploads\/2025\/01\/ukp_logo.png","datePublished":"2025-02-10T09:47:19+00:00","dateModified":"2025-05-13T14:34:00+00:00","breadcrumb":{"@id":"https:\/\/www.hertel-kartonagen.de\/wiki\/umwelt-klimapakt-bayern\/#breadcrumb"},"inLanguage":"en-GB","potentialAction":[{"@type":"ReadAction","target":["https:\/\/www.hertel-kartonagen.de\/wiki\/umwelt-klimapakt-bayern\/"]}]},{"@type":"ImageObject","inLanguage":"en-GB","@id":"https:\/\/www.hertel-kartonagen.de\/wiki\/umwelt-klimapakt-bayern\/#primaryimage","url":"https:\/\/www.hertel-kartonagen.de\/wp-content\/uploads\/2025\/01\/ukp_logo.png","contentUrl":"https:\/\/www.hertel-kartonagen.de\/wp-content\/uploads\/2025\/01\/ukp_logo.png","width":162,"height":175},{"@type":"BreadcrumbList","@id":"https:\/\/www.hertel-kartonagen.de\/wiki\/umwelt-klimapakt-bayern\/#breadcrumb","itemListElement":[{"@type":"ListItem","position":1,"name":"Startseite","item":"https:\/\/www.hertel-kartonagen.de\/"},{"@type":"ListItem","position":2,"name":"Umwelt + Klimapakt Bayern"}]},{"@type":"WebSite","@id":"https:\/\/www.hertel-kartonagen.de\/#website","url":"https:\/\/www.hertel-kartonagen.de\/","name":"Hertel cardboard packaging","description":"More than packaging","publisher":{"@id":"https:\/\/www.hertel-kartonagen.de\/#organization"},"alternateName":"Hertel & Co. GmbH","potentialAction":[{"@type":"SearchAction","target":{"@type":"EntryPoint","urlTemplate":"https:\/\/www.hertel-kartonagen.de\/?s={search_term_string}"},"query-input":{"@type":"PropertyValueSpecification","valueRequired":true,"valueName":"search_term_string"}}],"inLanguage":"en-GB"},{"@type":"Organization","@id":"https:\/\/www.hertel-kartonagen.de\/#organization","name":"Hertel cardboard packaging","alternateName":"Hertel & Co. GmbH","url":"https:\/\/www.hertel-kartonagen.de\/","logo":{"@type":"ImageObject","inLanguage":"en-GB","@id":"https:\/\/www.hertel-kartonagen.de\/#\/schema\/logo\/image\/","url":"https:\/\/www.hertel-kartonagen.de\/wp-content\/uploads\/2023\/12\/Logo-Hertel.jpg","contentUrl":"https:\/\/www.hertel-kartonagen.de\/wp-content\/uploads\/2023\/12\/Logo-Hertel.jpg","width":1772,"height":709,"caption":"Hertel Kartonagen"},"image":{"@id":"https:\/\/www.hertel-kartonagen.de\/#\/schema\/logo\/image\/"},"sameAs":["https:\/\/www.facebook.com\/hertel.kartonagen\/"]}]}},"_links":{"self":[{"href":"https:\/\/www.hertel-kartonagen.de\/en\/wp-json\/wp\/v2\/wiki\/10584","targetHints":{"allow":["GET"]}}],"collection":[{"href":"https:\/\/www.hertel-kartonagen.de\/en\/wp-json\/wp\/v2\/wiki"}],"about":[{"href":"https:\/\/www.hertel-kartonagen.de\/en\/wp-json\/wp\/v2\/types\/wiki"}],"version-history":[{"count":70,"href":"https:\/\/www.hertel-kartonagen.de\/en\/wp-json\/wp\/v2\/wiki\/10584\/revisions"}],"predecessor-version":[{"id":12939,"href":"https:\/\/www.hertel-kartonagen.de\/en\/wp-json\/wp\/v2\/wiki\/10584\/revisions\/12939"}],"wp:featuredmedia":[{"embeddable":true,"href":"https:\/\/www.hertel-kartonagen.de\/en\/wp-json\/wp\/v2\/media\/10066"}],"wp:attachment":[{"href":"https:\/\/www.hertel-kartonagen.de\/en\/wp-json\/wp\/v2\/media?parent=10584"}],"wp:term":[{"taxonomy":"wiki-kategorie","embeddable":true,"href":"https:\/\/www.hertel-kartonagen.de\/en\/wp-json\/wp\/v2\/wiki-kategorie?post=10584"}],"curies":[{"name":"wp","href":"https:\/\/api.w.org\/{rel}","templated":true}]}}